{"id":6798,"date":"2023-06-06T14:41:50","date_gmt":"2023-06-06T12:41:50","guid":{"rendered":"https:\/\/florette.be\/summer-tour-destination\/"},"modified":"2023-06-26T10:37:43","modified_gmt":"2023-06-26T08:37:43","slug":"summer-tour-destination","status":"publish","type":"page","link":"https:\/\/florette.be\/nl\/summer-tour-destination\/","title":{"rendered":"Summer tour &#8211; Bestemming"},"content":{"rendered":"<h2>Middelkerke<\/h2>\n<p><strong><span style=\"color: #6bd6eb;\">10\/07<\/span><\/strong> &#8211; Zeedijk<\/p>\n<p><strong><span style=\"color: #6bd6eb;\">13\/07<\/span><\/strong>\u00a0&#8211; Colruyt<\/p>\n<p><strong><span style=\"color: #6bd6eb;\">24\/07<\/span><\/strong> &#8211; Zeedijk<\/p>\n<p><strong><span style=\"color: #6bd6eb;\">07\/08<\/span><\/strong> &#8211; Zeedijk<\/p>\n<p><strong><span style=\"color: #6bd6eb;\">10\/08<\/span><\/strong> &#8211; Spar<\/p>\n<p><strong><span style=\"color: #6bd6eb;\">14\/08<\/span><\/strong> &#8211; Zeedijk<\/p>\n<h2>Nieuwpoort<\/h2>\n<p><strong><span style=\"color: #6bd6eb;\">11\/07<\/span><\/strong> &#8211; Zeedijk<\/p>\n<p><strong><span style=\"color: #6bd6eb;\">14\/07<\/span><\/strong> &#8211; Colruyt<\/p>\n<p><strong><span style=\"color: #6bd6eb;\">01\/08<\/span><\/strong> &#8211; Zeedijk<\/p>\n<p><strong><span style=\"color: #6bd6eb;\">04\/08<\/span><\/strong> &#8211; Carrefour Market &amp; Louis Delhaize<\/p>\n<p><strong><span style=\"color: #6bd6eb;\">08\/08<\/span><\/strong> &#8211; Carrefour Express<\/p>\n<p><strong><span style=\"color: #6bd6eb;\">15\/08<\/span><\/strong> &#8211; Zeedijk<\/p>\n<h2>Bredene<\/h2>\n<p><strong><span style=\"color: #6bd6eb;\">14\/07<\/span><\/strong> &#8211; Marktplein<\/p>\n<p><strong><span style=\"color: #6bd6eb;\">17\/07<\/span><\/strong> &#8211; Colruyt<\/p>\n<p><strong><span style=\"color: #6bd6eb;\">21\/07<\/span><\/strong> &#8211; Marktplein<\/p>\n<p><strong><span style=\"color: #6bd6eb;\">28\/07<\/span><\/strong> &#8211; Zeedijk<\/p>\n<p><strong><span style=\"color: #6bd6eb;\">04\/08<\/span><\/strong> &#8211; Marktplein<\/p>\n<p><strong><span style=\"color: #6bd6eb;\">16\/08<\/span><\/strong> &#8211; Spar<\/p>\n<p><strong><span style=\"color: #6bd6eb;\">18\/08<\/span><\/strong> &#8211; Marktplein<\/p>\n<h2>Koksijde<\/h2>\n<p><strong><span style=\"color: #6bd6eb;\">15\/07<\/span><\/strong> &#8211; Zeedijk<\/p>\n<p><strong><span style=\"color: #6bd6eb;\">18\/07<\/span><\/strong> &#8211; Colruyt<\/p>\n<p><strong><span style=\"color: #6bd6eb;\">05\/08<\/span><\/strong> &#8211; Zeedijk<\/p>\n<p><strong><span style=\"color: #6bd6eb;\">07\/08<\/span><\/strong> &#8211; Hypermarch\u00e9 Carrefour<\/p>\n<p><strong><span style=\"color: #6bd6eb;\">14\/08<\/span><\/strong> &#8211; Spar<\/p>\n<h2>Lombardsijde<\/h2>\n<p><strong><span style=\"color: #6bd6eb;\">19\/07<\/span><\/strong> &#8211; Okay<\/p>\n<h2>De Panne<\/h2>\n<p><strong><span style=\"color: #6bd6eb;\">18\/07<\/span><\/strong> &#8211; Zeedijk &amp; Esplanade<\/p>\n<p><strong><span style=\"color: #6bd6eb;\">20\/07<\/span><\/strong> &#8211; Okay &amp; Carrefour Market<\/p>\n<p><strong><span style=\"color: #6bd6eb;\">25\/07<\/span><\/strong> &#8211; Zeedijk &amp; Esplanade<\/p>\n<p><strong><span style=\"color: #6bd6eb;\">08\/08<\/span><\/strong> &#8211; Zeedijk &amp; Esplanade<\/p>\n<p><strong><span style=\"color: #6bd6eb;\">11\/08<\/span><\/strong>\u00a0&#8211; Okay &amp; Carrefour Market<\/p>\n<h2>Oostduinkerke<\/h2>\n<p><strong><span style=\"color: #6bd6eb;\">13\/07<\/span><\/strong> &#8211; Zeedijk<\/p>\n<p><strong><span style=\"color: #6bd6eb;\">20\/07<\/span><\/strong> &#8211; Dunepark<\/p>\n<p><strong><span style=\"color: #6bd6eb;\">10\/08 <\/span><\/strong>&#8211; Groenendijk<\/p>\n<h2>Brugge B Park<\/h2>\n<p><strong><span style=\"color: #6bd6eb;\">15\/07<\/span><\/strong> &#8211; Hypermarch\u00e9 Carrefour<\/p>\n<h2>Blankenberge<\/h2>\n<p><strong><span style=\"color: #6bd6eb;\">12\/07<\/span><\/strong> &#8211; Leoplod III Plein<\/p>\n<p><strong><span style=\"color: #6bd6eb;\">19\/07<\/span><\/strong> &#8211; Grote Markt<\/p>\n<p><strong><span style=\"color: #6bd6eb;\">24\/07<\/span><\/strong> &#8211; Carrefour Market<\/p>\n<p><strong><span style=\"color: #6bd6eb;\">26\/07<\/span><\/strong> &#8211; Haven<\/p>\n<p><strong><span style=\"color: #6bd6eb;\">28\/07<\/span><\/strong> &#8211; Colruyt<\/p>\n<p><span style=\"color: #6bd6eb;\"><b>02\/08 <\/b><\/span>&#8211; Stationsplein<\/p>\n<p><strong><span style=\"color: #6bd6eb;\">09\/08 <\/span><\/strong>&#8211; Grote Markt<\/p>\n<p><strong><span style=\"color: #6bd6eb;\">16\/08 <\/span><\/strong>&#8211; Manitoba Plein<\/p>\n<h2>Oostende<\/h2>\n<p><strong><span style=\"color: #6bd6eb;\">16\/07<\/span><\/strong> &#8211; Zeedijk de Mariakerke<\/p>\n<p><strong><span style=\"color: #6bd6eb;\">21\/07<\/span><\/strong> &#8211; Spar<\/p>\n<p><strong><span style=\"color: #6bd6eb;\">23\/07<\/span><\/strong> &#8211; Zeedijk de Mariakerke<\/p>\n<p><strong><span style=\"color: #6bd6eb;\">25\/07<\/span><\/strong> &#8211; Spegelaere<\/p>\n<p><strong><span style=\"color: #6bd6eb;\">26\/07<\/span><\/strong> &#8211; Carrefour Market Mariakerke<\/p>\n<p><strong><span style=\"color: #6bd6eb;\">27\/07<\/span><\/strong> &#8211; Colruyt<\/p>\n<p><strong><span style=\"color: #6bd6eb;\">30\/07<\/span><\/strong> &#8211; Zeedijk Mariakerke<\/p>\n<p><strong><span style=\"color: #6bd6eb;\">02\/08<\/span><\/strong> &#8211; Carrefour Market<\/p>\n<p><strong><span style=\"color: #6bd6eb;\">06\/08 <\/span><\/strong>&#8211; Zeedijk Mariakerke<\/p>\n<p><strong><span style=\"color: #6bd6eb;\">09\/08 <\/span><\/strong>&#8211; Carrefour Market Strombanklaan<\/p>\n<p><strong><span style=\"color: #6bd6eb;\">13\/08 <\/span><\/strong>&#8211; Zeedijk Mariakerke<\/p>\n<p><strong><span style=\"color: #6bd6eb;\">20\/08 <\/span><\/strong>&#8211; Zeedijk Mariakerke<\/p>\n<h2>Westende<\/h2>\n<p><strong><span style=\"color: #6bd6eb;\">17\/07<\/span><\/strong> &#8211; Zeedijk<\/p>\n<p><strong><span style=\"color: #6bd6eb;\">31\/07<\/span><\/strong> &#8211; Zeedijk<\/p>\n<h2>Wenduine<\/h2>\n<p><strong><span style=\"color: #6bd6eb;\">22\/07<\/span><\/strong> &#8211; Zeedijk<\/p>\n<p><strong><span style=\"color: #6bd6eb;\">03\/08<\/span><\/strong> &#8211; Spar<\/p>\n<p><strong><span style=\"color: #6bd6eb;\">11\/08 <\/span><\/strong>&#8211; Zeedijk<\/p>\n<h2>Zeebrugge<\/h2>\n<p><strong><span style=\"color: #6bd6eb;\">27\/07<\/span><\/strong> &#8211; Zeedijk<\/p>\n<p><strong><span style=\"color: #6bd6eb;\">17\/08<\/span><\/strong> &#8211; Zeedijk<\/p>\n<h2>Knokke<\/h2>\n<p><strong><span style=\"color: #6bd6eb;\">29\/07<\/span><\/strong> &#8211; Carrefour Market<\/p>\n<p><strong><span style=\"color: #6bd6eb;\">31\/07<\/span><\/strong> &#8211; Colruyt<\/p>\n<h2>De Haan<\/h2>\n<p><strong><span style=\"color: #6bd6eb;\">29\/07<\/span><\/strong> &#8211; Zeedijk<\/p>\n<p><strong><span style=\"color: #6bd6eb;\">01\/08 <\/span><\/strong>&#8211; Smatch<\/p>\n<p><strong><span style=\"color: #6bd6eb;\">12\/08 <\/span><\/strong>&#8211; Zeedijk<\/p>\n<p><strong><span style=\"color: #6bd6eb;\">19\/08 <\/span><\/strong>&#8211; Zeedijk<\/p>\n<h2>Sint-Idesbald<\/h2>\n<p><strong><span style=\"color: #6bd6eb;\">03\/08 <\/span><\/strong>&#8211; Zeedijk<\/p>\n","protected":false},"excerpt":{"rendered":"Middelkerke 10\/07 &#8211; Zeedijk 13\/07\u00a0&#8211; Colruyt 24\/07 &#8211; Zeedijk 07\/08 &#8211; Zeedijk 10\/08 &#8211; Spar 14\/08 &#8211; Zeedijk Nieuwpoort 11\/07 [&hellip;]","protected":false},"author":1,"featured_media":6786,"parent":0,"menu_order":0,"comment_status":"closed","ping_status":"closed","template":"fot-destinations.php","meta":{"footnotes":""},"class_list":["post-6798","page","type-page","status-publish","has-post-thumbnail","hentry"],"yoast_head":"<!-- This site is optimized with the Yoast SEO plugin v27.4 - https:\/\/yoast.com\/product\/yoast-seo-wordpress\/ -->\n<title>Summer tour - Bestemming &#8226; Florette<\/title>\n<meta name=\"robots\" content=\"index, follow, max-snippet:-1, max-image-preview:large, max-video-preview:-1\" \/>\n<link rel=\"canonical\" href=\"https:\/\/florette.be\/nl\/summer-tour-destination\/\" \/>\n<meta property=\"og:locale\" content=\"nl_NL\" \/>\n<meta property=\"og:type\" content=\"article\" \/>\n<meta property=\"og:title\" content=\"Summer tour - Bestemming &#8226; Florette\" \/>\n<meta property=\"og:description\" content=\"Middelkerke 10\/07 &#8211; Zeedijk 13\/07\u00a0&#8211; Colruyt 24\/07 &#8211; Zeedijk 07\/08 &#8211; Zeedijk 10\/08 &#8211; Spar 14\/08 &#8211; Zeedijk Nieuwpoort 11\/07 [&hellip;]\" \/>\n<meta property=\"og:url\" content=\"https:\/\/florette.be\/nl\/summer-tour-destination\/\" \/>\n<meta property=\"og:site_name\" content=\"Florette\" \/>\n<meta property=\"article:publisher\" content=\"https:\/\/www.facebook.com\/Florettebelgium\/\" \/>\n<meta property=\"article:modified_time\" content=\"2023-06-26T08:37:43+00:00\" \/>\n<meta property=\"og:image\" content=\"http:\/\/florette.be\/wp-content\/uploads\/2023\/06\/bg-destination-fot.png\" \/>\n\t<meta property=\"og:image:width\" content=\"1278\" \/>\n\t<meta property=\"og:image:height\" content=\"641\" \/>\n\t<meta property=\"og:image:type\" content=\"image\/png\" \/>\n<meta name=\"twitter:card\" content=\"summary_large_image\" \/>\n<meta name=\"twitter:label1\" content=\"Est. reading time\" \/>\n\t<meta name=\"twitter:data1\" content=\"1 minute\" \/>\n<script type=\"application\/ld+json\" class=\"yoast-schema-graph\">{\"@context\":\"https:\\\/\\\/schema.org\",\"@graph\":[{\"@type\":\"WebPage\",\"@id\":\"https:\\\/\\\/florette.be\\\/nl\\\/summer-tour-destination\\\/\",\"url\":\"https:\\\/\\\/florette.be\\\/nl\\\/summer-tour-destination\\\/\",\"name\":\"Summer tour - Bestemming &#8226; Florette\",\"isPartOf\":{\"@id\":\"https:\\\/\\\/florette.be\\\/#website\"},\"primaryImageOfPage\":{\"@id\":\"https:\\\/\\\/florette.be\\\/nl\\\/summer-tour-destination\\\/#primaryimage\"},\"image\":{\"@id\":\"https:\\\/\\\/florette.be\\\/nl\\\/summer-tour-destination\\\/#primaryimage\"},\"thumbnailUrl\":\"https:\\\/\\\/florette.be\\\/wp-content\\\/uploads\\\/2023\\\/06\\\/bg-destination-fot.png\",\"datePublished\":\"2023-06-06T12:41:50+00:00\",\"dateModified\":\"2023-06-26T08:37:43+00:00\",\"breadcrumb\":{\"@id\":\"https:\\\/\\\/florette.be\\\/nl\\\/summer-tour-destination\\\/#breadcrumb\"},\"inLanguage\":\"nl-NL\",\"potentialAction\":[{\"@type\":\"ReadAction\",\"target\":[\"https:\\\/\\\/florette.be\\\/nl\\\/summer-tour-destination\\\/\"]}]},{\"@type\":\"ImageObject\",\"inLanguage\":\"nl-NL\",\"@id\":\"https:\\\/\\\/florette.be\\\/nl\\\/summer-tour-destination\\\/#primaryimage\",\"url\":\"https:\\\/\\\/florette.be\\\/wp-content\\\/uploads\\\/2023\\\/06\\\/bg-destination-fot.png\",\"contentUrl\":\"https:\\\/\\\/florette.be\\\/wp-content\\\/uploads\\\/2023\\\/06\\\/bg-destination-fot.png\",\"width\":1278,\"height\":641},{\"@type\":\"BreadcrumbList\",\"@id\":\"https:\\\/\\\/florette.be\\\/nl\\\/summer-tour-destination\\\/#breadcrumb\",\"itemListElement\":[{\"@type\":\"ListItem\",\"position\":1,\"name\":\"Home\",\"item\":\"https:\\\/\\\/florette.be\\\/nl\\\/\"},{\"@type\":\"ListItem\",\"position\":2,\"name\":\"Summer tour &#8211; Bestemming\"}]},{\"@type\":\"WebSite\",\"@id\":\"https:\\\/\\\/florette.be\\\/#website\",\"url\":\"https:\\\/\\\/florette.be\\\/\",\"name\":\"Florette\",\"description\":\"Des salades, des l\u00e9gumes \u00e0 cuire ou \u00e0 croquer, des fruits, des jus, des herbes... D\u00e9couvrez nos produits, actualit\u00e9s, promotions et recettes Florette.\",\"publisher\":{\"@id\":\"https:\\\/\\\/florette.be\\\/#organization\"},\"potentialAction\":[{\"@type\":\"SearchAction\",\"target\":{\"@type\":\"EntryPoint\",\"urlTemplate\":\"https:\\\/\\\/florette.be\\\/?s={search_term_string}\"},\"query-input\":{\"@type\":\"PropertyValueSpecification\",\"valueRequired\":true,\"valueName\":\"search_term_string\"}}],\"inLanguage\":\"nl-NL\"},{\"@type\":\"Organization\",\"@id\":\"https:\\\/\\\/florette.be\\\/#organization\",\"name\":\"Florette\",\"url\":\"https:\\\/\\\/florette.be\\\/\",\"logo\":{\"@type\":\"ImageObject\",\"inLanguage\":\"nl-NL\",\"@id\":\"https:\\\/\\\/florette.be\\\/#\\\/schema\\\/logo\\\/image\\\/\",\"url\":\"https:\\\/\\\/florette.be\\\/wp-content\\\/uploads\\\/2021\\\/10\\\/logo.png\",\"contentUrl\":\"https:\\\/\\\/florette.be\\\/wp-content\\\/uploads\\\/2021\\\/10\\\/logo.png\",\"width\":244,\"height\":140,\"caption\":\"Florette\"},\"image\":{\"@id\":\"https:\\\/\\\/florette.be\\\/#\\\/schema\\\/logo\\\/image\\\/\"},\"sameAs\":[\"https:\\\/\\\/www.facebook.com\\\/Florettebelgium\\\/\",\"https:\\\/\\\/www.instagram.com\\\/florette_be\\\/\"]}]}<\/script>\n<!-- \/ Yoast SEO plugin. -->","yoast_head_json":{"title":"Summer tour - Bestemming &#8226; Florette","robots":{"index":"index","follow":"follow","max-snippet":"max-snippet:-1","max-image-preview":"max-image-preview:large","max-video-preview":"max-video-preview:-1"},"canonical":"https:\/\/florette.be\/nl\/summer-tour-destination\/","og_locale":"nl_NL","og_type":"article","og_title":"Summer tour - Bestemming &#8226; Florette","og_description":"Middelkerke 10\/07 &#8211; Zeedijk 13\/07\u00a0&#8211; Colruyt 24\/07 &#8211; Zeedijk 07\/08 &#8211; Zeedijk 10\/08 &#8211; Spar 14\/08 &#8211; Zeedijk Nieuwpoort 11\/07 [&hellip;]","og_url":"https:\/\/florette.be\/nl\/summer-tour-destination\/","og_site_name":"Florette","article_publisher":"https:\/\/www.facebook.com\/Florettebelgium\/","article_modified_time":"2023-06-26T08:37:43+00:00","og_image":[{"width":1278,"height":641,"url":"http:\/\/florette.be\/wp-content\/uploads\/2023\/06\/bg-destination-fot.png","type":"image\/png"}],"twitter_card":"summary_large_image","twitter_misc":{"Est. reading time":"1 minute"},"schema":{"@context":"https:\/\/schema.org","@graph":[{"@type":"WebPage","@id":"https:\/\/florette.be\/nl\/summer-tour-destination\/","url":"https:\/\/florette.be\/nl\/summer-tour-destination\/","name":"Summer tour - Bestemming &#8226; Florette","isPartOf":{"@id":"https:\/\/florette.be\/#website"},"primaryImageOfPage":{"@id":"https:\/\/florette.be\/nl\/summer-tour-destination\/#primaryimage"},"image":{"@id":"https:\/\/florette.be\/nl\/summer-tour-destination\/#primaryimage"},"thumbnailUrl":"https:\/\/florette.be\/wp-content\/uploads\/2023\/06\/bg-destination-fot.png","datePublished":"2023-06-06T12:41:50+00:00","dateModified":"2023-06-26T08:37:43+00:00","breadcrumb":{"@id":"https:\/\/florette.be\/nl\/summer-tour-destination\/#breadcrumb"},"inLanguage":"nl-NL","potentialAction":[{"@type":"ReadAction","target":["https:\/\/florette.be\/nl\/summer-tour-destination\/"]}]},{"@type":"ImageObject","inLanguage":"nl-NL","@id":"https:\/\/florette.be\/nl\/summer-tour-destination\/#primaryimage","url":"https:\/\/florette.be\/wp-content\/uploads\/2023\/06\/bg-destination-fot.png","contentUrl":"https:\/\/florette.be\/wp-content\/uploads\/2023\/06\/bg-destination-fot.png","width":1278,"height":641},{"@type":"BreadcrumbList","@id":"https:\/\/florette.be\/nl\/summer-tour-destination\/#breadcrumb","itemListElement":[{"@type":"ListItem","position":1,"name":"Home","item":"https:\/\/florette.be\/nl\/"},{"@type":"ListItem","position":2,"name":"Summer tour &#8211; Bestemming"}]},{"@type":"WebSite","@id":"https:\/\/florette.be\/#website","url":"https:\/\/florette.be\/","name":"Florette","description":"Des salades, des l\u00e9gumes \u00e0 cuire ou \u00e0 croquer, des fruits, des jus, des herbes... D\u00e9couvrez nos produits, actualit\u00e9s, promotions et recettes Florette.","publisher":{"@id":"https:\/\/florette.be\/#organization"},"potentialAction":[{"@type":"SearchAction","target":{"@type":"EntryPoint","urlTemplate":"https:\/\/florette.be\/?s={search_term_string}"},"query-input":{"@type":"PropertyValueSpecification","valueRequired":true,"valueName":"search_term_string"}}],"inLanguage":"nl-NL"},{"@type":"Organization","@id":"https:\/\/florette.be\/#organization","name":"Florette","url":"https:\/\/florette.be\/","logo":{"@type":"ImageObject","inLanguage":"nl-NL","@id":"https:\/\/florette.be\/#\/schema\/logo\/image\/","url":"https:\/\/florette.be\/wp-content\/uploads\/2021\/10\/logo.png","contentUrl":"https:\/\/florette.be\/wp-content\/uploads\/2021\/10\/logo.png","width":244,"height":140,"caption":"Florette"},"image":{"@id":"https:\/\/florette.be\/#\/schema\/logo\/image\/"},"sameAs":["https:\/\/www.facebook.com\/Florettebelgium\/","https:\/\/www.instagram.com\/florette_be\/"]}]}},"_links":{"self":[{"href":"https:\/\/florette.be\/nl\/wp-json\/wp\/v2\/pages\/6798","targetHints":{"allow":["GET"]}}],"collection":[{"href":"https:\/\/florette.be\/nl\/wp-json\/wp\/v2\/pages"}],"about":[{"href":"https:\/\/florette.be\/nl\/wp-json\/wp\/v2\/types\/page"}],"author":[{"embeddable":true,"href":"https:\/\/florette.be\/nl\/wp-json\/wp\/v2\/users\/1"}],"replies":[{"embeddable":true,"href":"https:\/\/florette.be\/nl\/wp-json\/wp\/v2\/comments?post=6798"}],"version-history":[{"count":9,"href":"https:\/\/florette.be\/nl\/wp-json\/wp\/v2\/pages\/6798\/revisions"}],"predecessor-version":[{"id":7886,"href":"https:\/\/florette.be\/nl\/wp-json\/wp\/v2\/pages\/6798\/revisions\/7886"}],"wp:featuredmedia":[{"embeddable":true,"href":"https:\/\/florette.be\/nl\/wp-json\/wp\/v2\/media\/6786"}],"wp:attachment":[{"href":"https:\/\/florette.be\/nl\/wp-json\/wp\/v2\/media?parent=6798"}],"curies":[{"name":"wp","href":"https:\/\/api.w.org\/{rel}","templated":true}]}}